{"version":"1.0","provider_name":"MICHAEL","provider_url":"https:\/\/www.skolamichael.cz\/cs\/","author_name":"husakovap","author_url":"https:\/\/www.skolamichael.cz\/cs\/author\/husakovap\/","title":"Michal \u0160pejra zv\u00edt\u011bzil na Pra\u017esk\u00e9m filmov\u00e9m kufru | MICHAEL","type":"rich","width":600,"height":338,"html":"<blockquote class=\"wp-embedded-content\" data-secret=\"bfFI8TBGMr\"><a href=\"https:\/\/www.skolamichael.cz\/cs\/aktualne\/uspechy\/michal-spejra-zvitezil-na-prazskem-filmovem-kufru\/\">Michal \u0160pejra zv\u00edt\u011bzil na Pra\u017esk\u00e9m filmov\u00e9m kufru<\/a><\/blockquote><iframe sandbox=\"allow-scripts\" security=\"restricted\" src=\"https:\/\/www.skolamichael.cz\/cs\/aktualne\/uspechy\/michal-spejra-zvitezil-na-prazskem-filmovem-kufru\/embed\/#?secret=bfFI8TBGMr\" width=\"600\" height=\"338\" title=\"&#8222;Michal \u0160pejra zv\u00edt\u011bzil na Pra\u017esk\u00e9m filmov\u00e9m kufru&#8220; &#8212; MICHAEL\" data-secret=\"bfFI8TBGMr\" frameborder=\"0\" marginwidth=\"0\" marginheight=\"0\" scrolling=\"no\" class=\"wp-embedded-content\"><\/iframe><script>\n\/*! This file is auto-generated *\/\n!function(d,l){\"use strict\";l.querySelector&&d.addEventListener&&\"undefined\"!=typeof URL&&(d.wp=d.wp||{},d.wp.receiveEmbedMessage||(d.wp.receiveEmbedMessage=function(e){var t=e.data;if((t||t.secret||t.message||t.value)&&!\/[^a-zA-Z0-9]\/.test(t.secret)){for(var s,r,n,a=l.querySelectorAll('iframe[data-secret=\"'+t.secret+'\"]'),o=l.querySelectorAll('blockquote[data-secret=\"'+t.secret+'\"]'),c=new RegExp(\"^https?:$\",\"i\"),i=0;i<o.length;i++)o[i].style.display=\"none\";for(i=0;i<a.length;i++)s=a[i],e.source===s.contentWindow&&(s.removeAttribute(\"style\"),\"height\"===t.message?(1e3<(r=parseInt(t.value,10))?r=1e3:~~r<200&&(r=200),s.height=r):\"link\"===t.message&&(r=new URL(s.getAttribute(\"src\")),n=new URL(t.value),c.test(n.protocol))&&n.host===r.host&&l.activeElement===s&&(d.top.location.href=t.value))}},d.addEventListener(\"message\",d.wp.receiveEmbedMessage,!1),l.addEventListener(\"DOMContentLoaded\",function(){for(var e,t,s=l.querySelectorAll(\"iframe.wp-embedded-content\"),r=0;r<s.length;r++)(t=(e=s[r]).getAttribute(\"data-secret\"))||(t=Math.random().toString(36).substring(2,12),e.src+=\"#?secret=\"+t,e.setAttribute(\"data-secret\",t)),e.contentWindow.postMessage({message:\"ready\",secret:t},\"*\")},!1)))}(window,document);\n\/\/# sourceURL=https:\/\/www.skolamichael.cz\/wp-includes\/js\/wp-embed.min.js\n<\/script>\n","thumbnail_url":"https:\/\/www.skolamichael.cz\/wp-content\/uploads\/2020\/11\/bal\u00edk-1.png","thumbnail_width":225,"thumbnail_height":225,"description":"Velk\u00e9ho \u00fasp\u011bchu dos\u00e1hl Michal \u0160pejra, student 2. ro\u010dn\u00edku filmov\u00e9ho oboru, kdy\u017e zv\u00edt\u011bzil na filmov\u00e9m festivalu Pra\u017esk\u00fd filmov\u00fd kufr 2020. Se sv\u00fdm filmem Bal\u00edk z\u00edskal toto ocen\u011bn\u00ed v kategorii Hran\u00fd film (16-20 let). Film rovn\u011b\u017e dostal i dal\u0161\u00ed cenu ve zvl\u00e1\u0161tn\u00ed kategorii &#8222;(Ne)bezpe\u010dn\u00fd sv\u011bt&#8220;. M\u00e1me velkou radost a Michalovi blahop\u0159ejeme. Jeho v\u00edt\u011bzn\u00fd film m\u016f\u017eete zhl\u00e9dnout zde: [&hellip;]"}