{"id":12695,"date":"2023-12-01T15:14:03","date_gmt":"2023-12-01T14:14:03","guid":{"rendered":"https:\/\/www.skolamichael.cz\/?page_id=12695"},"modified":"2024-05-30T15:31:45","modified_gmt":"2024-05-30T13:31:45","slug":"cerv-cz","status":"publish","type":"page","link":"https:\/\/www.skolamichael.cz\/cs\/projekty\/archiv-projektu\/cerv-cz\/","title":{"rendered":"CeRV CZ"},"content":{"rendered":"<p><img loading=\"lazy\" decoding=\"async\" class=\"alignnone size-full wp-image-12698\" src=\"https:\/\/www.skolamichael.cz\/wp-content\/uploads\/2023\/12\/CeRV.jpg\" alt=\"\" width=\"617\" height=\"859\" srcset=\"https:\/\/www.skolamichael.cz\/wp-content\/uploads\/2023\/12\/CeRV.jpg 617w, https:\/\/www.skolamichael.cz\/wp-content\/uploads\/2023\/12\/CeRV-215x300.jpg 215w\" sizes=\"auto, (max-width: 617px) 100vw, 617px\" \/><\/p>\n<p><strong>Registra\u010dn\u00ed \u010d\u00edslo projektu:<\/strong> CZ.02.3.68\/0.0\/0.0\/19_078\/0021047<br \/>\n<strong>Realizace projektu:<\/strong> 2021 &#8211; 2023<\/p>\n<p>CeRV CZ, nebo-li CEntrum Rekvalifikac\u00ed a Vzd\u011bl\u00e1v\u00e1n\u00ed je pilotn\u00ed projekt, jeho\u017e koordin\u00e1torem je \u0161kola S\u0160EMI a VO\u0160IS. Mezi dal\u0161\u00edmi spolupracuj\u00edc\u00edmi \u0161kolami je i S\u0160 Michael, kter\u00e1 p\u0159ipravila pro I-KAP II. zaj\u00edmav\u00e9 kurzy dal\u0161\u00edho vzd\u011bl\u00e1v\u00e1n\u00ed. Nab\u00eddka odborn\u00fdch kurz\u016f a rekvalifikac\u00ed je d\u00edky podpo\u0159e projektu I-KAP II. pro z\u00e1jemce zdarma. Projekt byl p\u0159ipraven s v\u011bdom\u00edm o\u010dek\u00e1van\u00fdch zm\u011bn na pracovn\u00edm trhu, kdy se p\u0159edpokl\u00e1d\u00e1 zv\u00fd\u0161en\u00ed pot\u0159eb v oblasti dal\u0161\u00edho vzd\u011bl\u00e1v\u00e1n\u00ed a rekvalifikac\u00ed. Hlavn\u00edm c\u00edlem na\u0161ich inovativn\u00edch kurz\u016f dal\u0161\u00edho a profesn\u00edho vzd\u011bl\u00e1v\u00e1n\u00ed, kde se klade hlavn\u00ed d\u016fraz na z\u00edsk\u00e1n\u00ed praktick\u00fdch dovednost\u00ed, je poskytnout z\u00e1jemc\u016fm takov\u00e9 znalosti, kter\u00e9 jim umo\u017en\u00ed nejen roz\u0161\u00ed\u0159it si sv\u00e9 kompetence v dan\u00e9 oblasti, ale t\u00e9\u017e z\u00edskat potvrzen\u00ed o absolvov\u00e1n\u00ed kurzu.<\/p>\n<p><span style=\"text-decoration: underline;\">N\u011bkter\u00e9 z workshop\u016f:<\/span><\/p>\n<table width=\"900\" cellpadding=\"4\">\n<tbody>\n<tr>\n<td width=\"400\"><a href=\"https:\/\/www.skolamichael.cz\/projekty\/cerv-cz\/cerv-workshop-dokumentarni-fotografie\/\"><img loading=\"lazy\" decoding=\"async\" class=\"alignnone size-full wp-image-12732\" src=\"https:\/\/www.skolamichael.cz\/wp-content\/uploads\/2023\/12\/Smidova_DL.jpg\" alt=\"\" width=\"950\" height=\"450\" srcset=\"https:\/\/www.skolamichael.cz\/wp-content\/uploads\/2023\/12\/Smidova_DL.jpg 950w, https:\/\/www.skolamichael.cz\/wp-content\/uploads\/2023\/12\/Smidova_DL-300x142.jpg 300w\" sizes=\"auto, (max-width: 950px) 100vw, 950px\" \/><\/a><\/td>\n<td><strong><a href=\"https:\/\/www.skolamichael.cz\/projekty\/cerv-cz\/cerv-workshop-dokumentarni-fotografie\/\">CeRV &#8211; workshop dokument\u00e1rn\u00ed fotografie<\/a><\/strong><\/td>\n<\/tr>\n<tr>\n<td width=\"400\"><a href=\"https:\/\/www.skolamichael.cz\/projekty\/cerv-cz\/cerv-workshop-portretni-fotografie-a-prace-s-modelem\/\"><img loading=\"lazy\" decoding=\"async\" class=\"alignnone size-full wp-image-12762\" src=\"https:\/\/www.skolamichael.cz\/wp-content\/uploads\/2023\/12\/ZL-CERV-portret-3656_DL.jpg\" alt=\"\" width=\"950\" height=\"450\" srcset=\"https:\/\/www.skolamichael.cz\/wp-content\/uploads\/2023\/12\/ZL-CERV-portret-3656_DL.jpg 950w, https:\/\/www.skolamichael.cz\/wp-content\/uploads\/2023\/12\/ZL-CERV-portret-3656_DL-300x142.jpg 300w\" sizes=\"auto, (max-width: 950px) 100vw, 950px\" \/><\/a><\/td>\n<td><strong><a href=\"https:\/\/www.skolamichael.cz\/projekty\/cerv-cz\/cerv-workshop-portretni-fotografie-a-prace-s-modelem\/\">CeRV &#8211; workshop portr\u00e9tn\u00ed fotografie a pr\u00e1ce s modelem<\/a><\/strong><\/td>\n<\/tr>\n<tr>\n<td width=\"400\"><a href=\"https:\/\/www.skolamichael.cz\/projekty\/cerv-cz\/cerv-workshop-studiova-fotografie-pro-komerci-a-reklamu\/\"><img loading=\"lazy\" decoding=\"async\" class=\"alignnone size-full wp-image-12768\" src=\"https:\/\/www.skolamichael.cz\/wp-content\/uploads\/2023\/12\/Zelinka-CERV_DL.jpg\" alt=\"\" width=\"950\" height=\"450\" srcset=\"https:\/\/www.skolamichael.cz\/wp-content\/uploads\/2023\/12\/Zelinka-CERV_DL.jpg 950w, https:\/\/www.skolamichael.cz\/wp-content\/uploads\/2023\/12\/Zelinka-CERV_DL-300x142.jpg 300w\" sizes=\"auto, (max-width: 950px) 100vw, 950px\" \/><\/a><\/td>\n<td><strong><a href=\"https:\/\/www.skolamichael.cz\/projekty\/cerv-cz\/cerv-workshop-studiova-fotografie-pro-komerci-a-reklamu\/\">CeRV &#8211; workshop studiov\u00e1 fotografie pro komerci a\u00a0reklamu<\/a><\/strong><\/td>\n<\/tr>\n<\/tbody>\n<\/table>\n<p>&nbsp;<\/p>\n","protected":false},"excerpt":{"rendered":"<p>Registra\u010dn\u00ed \u010d\u00edslo projektu: CZ.02.3.68\/0.0\/0.0\/19_078\/0021047 Realizace projektu: 2021 &#8211; 2023 CeRV CZ, nebo-li CEntrum Rekvalifikac\u00ed a Vzd\u011bl\u00e1v\u00e1n\u00ed je pilotn\u00ed projekt, jeho\u017e koordin\u00e1torem je \u0161kola S\u0160EMI a VO\u0160IS. Mezi dal\u0161\u00edmi spolupracuj\u00edc\u00edmi \u0161kolami je i S\u0160 Michael, kter\u00e1 p\u0159ipravila pro I-KAP II. zaj\u00edmav\u00e9 kurzy dal\u0161\u00edho vzd\u011bl\u00e1v\u00e1n\u00ed. Nab\u00eddka odborn\u00fdch kurz\u016f a rekvalifikac\u00ed je d\u00edky podpo\u0159e projektu I-KAP II. pro [&hellip;]<\/p>\n","protected":false},"author":4,"featured_media":0,"parent":2576,"menu_order":0,"comment_status":"closed","ping_status":"closed","template":"","meta":{"_acf_changed":false,"footnotes":""},"class_list":["post-12695","page","type-page","status-publish","hentry"],"acf":[],"yoast_head":"<!-- This site is optimized with the Yoast SEO plugin v27.4 - https:\/\/yoast.com\/product\/yoast-seo-wordpress\/ -->\n<title>CeRV CZ | MICHAEL<\/title>\n<meta name=\"robots\" content=\"index, follow, max-snippet:-1, max-image-preview:large, max-video-preview:-1\" \/>\n<link rel=\"canonical\" href=\"https:\/\/www.skolamichael.cz\/cs\/projekty\/archiv-projektu\/cerv-cz\/\" \/>\n<meta property=\"og:locale\" content=\"cs_CZ\" \/>\n<meta property=\"og:type\" content=\"article\" \/>\n<meta property=\"og:title\" content=\"CeRV CZ | MICHAEL\" \/>\n<meta property=\"og:description\" content=\"Registra\u010dn\u00ed \u010d\u00edslo projektu: CZ.02.3.68\/0.0\/0.0\/19_078\/0021047 Realizace projektu: 2021 &#8211; 2023 CeRV CZ, nebo-li CEntrum Rekvalifikac\u00ed a Vzd\u011bl\u00e1v\u00e1n\u00ed je pilotn\u00ed projekt, jeho\u017e koordin\u00e1torem je \u0161kola S\u0160EMI a VO\u0160IS. Mezi dal\u0161\u00edmi spolupracuj\u00edc\u00edmi \u0161kolami je i S\u0160 Michael, kter\u00e1 p\u0159ipravila pro I-KAP II. zaj\u00edmav\u00e9 kurzy dal\u0161\u00edho vzd\u011bl\u00e1v\u00e1n\u00ed. Nab\u00eddka odborn\u00fdch kurz\u016f a rekvalifikac\u00ed je d\u00edky podpo\u0159e projektu I-KAP II. pro [&hellip;]\" \/>\n<meta property=\"og:url\" content=\"https:\/\/www.skolamichael.cz\/cs\/projekty\/archiv-projektu\/cerv-cz\/\" \/>\n<meta property=\"og:site_name\" content=\"MICHAEL\" \/>\n<meta property=\"article:publisher\" content=\"http:\/\/www.facebook.com\/skolamichael\" \/>\n<meta property=\"article:modified_time\" content=\"2024-05-30T13:31:45+00:00\" \/>\n<meta property=\"og:image\" content=\"https:\/\/www.skolamichael.cz\/wp-content\/uploads\/2023\/12\/CeRV.jpg\" \/>\n\t<meta property=\"og:image:width\" content=\"617\" \/>\n\t<meta property=\"og:image:height\" content=\"859\" \/>\n\t<meta property=\"og:image:type\" content=\"image\/jpeg\" \/>\n<meta name=\"twitter:card\" content=\"summary_large_image\" \/>\n<meta name=\"twitter:label1\" content=\"Odhadovan\u00e1 doba \u010dten\u00ed\" \/>\n\t<meta name=\"twitter:data1\" content=\"1 minuta\" \/>\n<script type=\"application\/ld+json\" class=\"yoast-schema-graph\">{\"@context\":\"https:\\\/\\\/schema.org\",\"@graph\":[{\"@type\":\"WebPage\",\"@id\":\"https:\\\/\\\/www.skolamichael.cz\\\/cs\\\/projekty\\\/archiv-projektu\\\/cerv-cz\\\/\",\"url\":\"https:\\\/\\\/www.skolamichael.cz\\\/cs\\\/projekty\\\/archiv-projektu\\\/cerv-cz\\\/\",\"name\":\"CeRV CZ | MICHAEL\",\"isPartOf\":{\"@id\":\"https:\\\/\\\/www.skolamichael.cz\\\/cs\\\/#website\"},\"primaryImageOfPage\":{\"@id\":\"https:\\\/\\\/www.skolamichael.cz\\\/cs\\\/projekty\\\/archiv-projektu\\\/cerv-cz\\\/#primaryimage\"},\"image\":{\"@id\":\"https:\\\/\\\/www.skolamichael.cz\\\/cs\\\/projekty\\\/archiv-projektu\\\/cerv-cz\\\/#primaryimage\"},\"thumbnailUrl\":\"https:\\\/\\\/www.skolamichael.cz\\\/wp-content\\\/uploads\\\/2023\\\/12\\\/CeRV.jpg\",\"datePublished\":\"2023-12-01T14:14:03+00:00\",\"dateModified\":\"2024-05-30T13:31:45+00:00\",\"breadcrumb\":{\"@id\":\"https:\\\/\\\/www.skolamichael.cz\\\/cs\\\/projekty\\\/archiv-projektu\\\/cerv-cz\\\/#breadcrumb\"},\"inLanguage\":\"cs\",\"potentialAction\":[{\"@type\":\"ReadAction\",\"target\":[\"https:\\\/\\\/www.skolamichael.cz\\\/cs\\\/projekty\\\/archiv-projektu\\\/cerv-cz\\\/\"]}]},{\"@type\":\"ImageObject\",\"inLanguage\":\"cs\",\"@id\":\"https:\\\/\\\/www.skolamichael.cz\\\/cs\\\/projekty\\\/archiv-projektu\\\/cerv-cz\\\/#primaryimage\",\"url\":\"https:\\\/\\\/www.skolamichael.cz\\\/wp-content\\\/uploads\\\/2023\\\/12\\\/CeRV.jpg\",\"contentUrl\":\"https:\\\/\\\/www.skolamichael.cz\\\/wp-content\\\/uploads\\\/2023\\\/12\\\/CeRV.jpg\"},{\"@type\":\"BreadcrumbList\",\"@id\":\"https:\\\/\\\/www.skolamichael.cz\\\/cs\\\/projekty\\\/archiv-projektu\\\/cerv-cz\\\/#breadcrumb\",\"itemListElement\":[{\"@type\":\"ListItem\",\"position\":1,\"name\":\"Dom\u016f\",\"item\":\"https:\\\/\\\/www.skolamichael.cz\\\/cs\\\/\"},{\"@type\":\"ListItem\",\"position\":2,\"name\":\"Projekty a st\u00e1\u017ee\",\"item\":\"https:\\\/\\\/www.skolamichael.cz\\\/cs\\\/projekty\\\/\"},{\"@type\":\"ListItem\",\"position\":3,\"name\":\"Archiv projekt\u016f\",\"item\":\"https:\\\/\\\/www.skolamichael.cz\\\/cs\\\/projekty\\\/archiv-projektu\\\/\"},{\"@type\":\"ListItem\",\"position\":4,\"name\":\"CeRV CZ\"}]},{\"@type\":\"WebSite\",\"@id\":\"https:\\\/\\\/www.skolamichael.cz\\\/cs\\\/#website\",\"url\":\"https:\\\/\\\/www.skolamichael.cz\\\/cs\\\/\",\"name\":\"MICHAEL\",\"description\":\"St\u0159edn\u00ed \u0161kola, Gymn\u00e1zium a Vy\u0161\u0161\u00ed odborn\u00e1 \u0161kola\",\"publisher\":{\"@id\":\"https:\\\/\\\/www.skolamichael.cz\\\/cs\\\/#organization\"},\"alternateName\":\"St\u0159edn\u00ed \u0161kola, Gymn\u00e1zium a Vy\u0161\u0161\u00ed odborn\u00e1 \u0161kola\",\"potentialAction\":[{\"@type\":\"SearchAction\",\"target\":{\"@type\":\"EntryPoint\",\"urlTemplate\":\"https:\\\/\\\/www.skolamichael.cz\\\/cs\\\/?s={search_term_string}\"},\"query-input\":{\"@type\":\"PropertyValueSpecification\",\"valueRequired\":true,\"valueName\":\"search_term_string\"}}],\"inLanguage\":\"cs\"},{\"@type\":\"Organization\",\"@id\":\"https:\\\/\\\/www.skolamichael.cz\\\/cs\\\/#organization\",\"name\":\"Michael \u2013 St\u0159edn\u00ed \u0161kola, Gymn\u00e1zium a Vy\u0161\u0161\u00ed odborn\u00e1 \u0161kola, s.r.o.\",\"url\":\"https:\\\/\\\/www.skolamichael.cz\\\/cs\\\/\",\"logo\":{\"@type\":\"ImageObject\",\"inLanguage\":\"cs\",\"@id\":\"https:\\\/\\\/www.skolamichael.cz\\\/cs\\\/#\\\/schema\\\/logo\\\/image\\\/\",\"url\":\"https:\\\/\\\/www.skolamichael.cz\\\/wp-content\\\/uploads\\\/2019\\\/03\\\/logo_michael_final_ctverec1-1.jpg\",\"contentUrl\":\"https:\\\/\\\/www.skolamichael.cz\\\/wp-content\\\/uploads\\\/2019\\\/03\\\/logo_michael_final_ctverec1-1.jpg\",\"width\":400,\"height\":400,\"caption\":\"Michael \u2013 St\u0159edn\u00ed \u0161kola, Gymn\u00e1zium a Vy\u0161\u0161\u00ed odborn\u00e1 \u0161kola, s.r.o.\"},\"image\":{\"@id\":\"https:\\\/\\\/www.skolamichael.cz\\\/cs\\\/#\\\/schema\\\/logo\\\/image\\\/\"},\"sameAs\":[\"http:\\\/\\\/www.facebook.com\\\/skolamichael\",\"https:\\\/\\\/www.instagram.com\\\/skola_michael\\\/\"]}]}<\/script>\n<!-- \/ Yoast SEO plugin. -->","yoast_head_json":{"title":"CeRV CZ | MICHAEL","robots":{"index":"index","follow":"follow","max-snippet":"max-snippet:-1","max-image-preview":"max-image-preview:large","max-video-preview":"max-video-preview:-1"},"canonical":"https:\/\/www.skolamichael.cz\/cs\/projekty\/archiv-projektu\/cerv-cz\/","og_locale":"cs_CZ","og_type":"article","og_title":"CeRV CZ | MICHAEL","og_description":"Registra\u010dn\u00ed \u010d\u00edslo projektu: CZ.02.3.68\/0.0\/0.0\/19_078\/0021047 Realizace projektu: 2021 &#8211; 2023 CeRV CZ, nebo-li CEntrum Rekvalifikac\u00ed a Vzd\u011bl\u00e1v\u00e1n\u00ed je pilotn\u00ed projekt, jeho\u017e koordin\u00e1torem je \u0161kola S\u0160EMI a VO\u0160IS. Mezi dal\u0161\u00edmi spolupracuj\u00edc\u00edmi \u0161kolami je i S\u0160 Michael, kter\u00e1 p\u0159ipravila pro I-KAP II. zaj\u00edmav\u00e9 kurzy dal\u0161\u00edho vzd\u011bl\u00e1v\u00e1n\u00ed. Nab\u00eddka odborn\u00fdch kurz\u016f a rekvalifikac\u00ed je d\u00edky podpo\u0159e projektu I-KAP II. pro [&hellip;]","og_url":"https:\/\/www.skolamichael.cz\/cs\/projekty\/archiv-projektu\/cerv-cz\/","og_site_name":"MICHAEL","article_publisher":"http:\/\/www.facebook.com\/skolamichael","article_modified_time":"2024-05-30T13:31:45+00:00","og_image":[{"width":617,"height":859,"url":"https:\/\/www.skolamichael.cz\/wp-content\/uploads\/2023\/12\/CeRV.jpg","type":"image\/jpeg"}],"twitter_card":"summary_large_image","twitter_misc":{"Odhadovan\u00e1 doba \u010dten\u00ed":"1 minuta"},"schema":{"@context":"https:\/\/schema.org","@graph":[{"@type":"WebPage","@id":"https:\/\/www.skolamichael.cz\/cs\/projekty\/archiv-projektu\/cerv-cz\/","url":"https:\/\/www.skolamichael.cz\/cs\/projekty\/archiv-projektu\/cerv-cz\/","name":"CeRV CZ | MICHAEL","isPartOf":{"@id":"https:\/\/www.skolamichael.cz\/cs\/#website"},"primaryImageOfPage":{"@id":"https:\/\/www.skolamichael.cz\/cs\/projekty\/archiv-projektu\/cerv-cz\/#primaryimage"},"image":{"@id":"https:\/\/www.skolamichael.cz\/cs\/projekty\/archiv-projektu\/cerv-cz\/#primaryimage"},"thumbnailUrl":"https:\/\/www.skolamichael.cz\/wp-content\/uploads\/2023\/12\/CeRV.jpg","datePublished":"2023-12-01T14:14:03+00:00","dateModified":"2024-05-30T13:31:45+00:00","breadcrumb":{"@id":"https:\/\/www.skolamichael.cz\/cs\/projekty\/archiv-projektu\/cerv-cz\/#breadcrumb"},"inLanguage":"cs","potentialAction":[{"@type":"ReadAction","target":["https:\/\/www.skolamichael.cz\/cs\/projekty\/archiv-projektu\/cerv-cz\/"]}]},{"@type":"ImageObject","inLanguage":"cs","@id":"https:\/\/www.skolamichael.cz\/cs\/projekty\/archiv-projektu\/cerv-cz\/#primaryimage","url":"https:\/\/www.skolamichael.cz\/wp-content\/uploads\/2023\/12\/CeRV.jpg","contentUrl":"https:\/\/www.skolamichael.cz\/wp-content\/uploads\/2023\/12\/CeRV.jpg"},{"@type":"BreadcrumbList","@id":"https:\/\/www.skolamichael.cz\/cs\/projekty\/archiv-projektu\/cerv-cz\/#breadcrumb","itemListElement":[{"@type":"ListItem","position":1,"name":"Dom\u016f","item":"https:\/\/www.skolamichael.cz\/cs\/"},{"@type":"ListItem","position":2,"name":"Projekty a st\u00e1\u017ee","item":"https:\/\/www.skolamichael.cz\/cs\/projekty\/"},{"@type":"ListItem","position":3,"name":"Archiv projekt\u016f","item":"https:\/\/www.skolamichael.cz\/cs\/projekty\/archiv-projektu\/"},{"@type":"ListItem","position":4,"name":"CeRV CZ"}]},{"@type":"WebSite","@id":"https:\/\/www.skolamichael.cz\/cs\/#website","url":"https:\/\/www.skolamichael.cz\/cs\/","name":"MICHAEL","description":"St\u0159edn\u00ed \u0161kola, Gymn\u00e1zium a Vy\u0161\u0161\u00ed odborn\u00e1 \u0161kola","publisher":{"@id":"https:\/\/www.skolamichael.cz\/cs\/#organization"},"alternateName":"St\u0159edn\u00ed \u0161kola, Gymn\u00e1zium a Vy\u0161\u0161\u00ed odborn\u00e1 \u0161kola","potentialAction":[{"@type":"SearchAction","target":{"@type":"EntryPoint","urlTemplate":"https:\/\/www.skolamichael.cz\/cs\/?s={search_term_string}"},"query-input":{"@type":"PropertyValueSpecification","valueRequired":true,"valueName":"search_term_string"}}],"inLanguage":"cs"},{"@type":"Organization","@id":"https:\/\/www.skolamichael.cz\/cs\/#organization","name":"Michael \u2013 St\u0159edn\u00ed \u0161kola, Gymn\u00e1zium a Vy\u0161\u0161\u00ed odborn\u00e1 \u0161kola, s.r.o.","url":"https:\/\/www.skolamichael.cz\/cs\/","logo":{"@type":"ImageObject","inLanguage":"cs","@id":"https:\/\/www.skolamichael.cz\/cs\/#\/schema\/logo\/image\/","url":"https:\/\/www.skolamichael.cz\/wp-content\/uploads\/2019\/03\/logo_michael_final_ctverec1-1.jpg","contentUrl":"https:\/\/www.skolamichael.cz\/wp-content\/uploads\/2019\/03\/logo_michael_final_ctverec1-1.jpg","width":400,"height":400,"caption":"Michael \u2013 St\u0159edn\u00ed \u0161kola, Gymn\u00e1zium a Vy\u0161\u0161\u00ed odborn\u00e1 \u0161kola, s.r.o."},"image":{"@id":"https:\/\/www.skolamichael.cz\/cs\/#\/schema\/logo\/image\/"},"sameAs":["http:\/\/www.facebook.com\/skolamichael","https:\/\/www.instagram.com\/skola_michael\/"]}]}},"_links":{"self":[{"href":"https:\/\/www.skolamichael.cz\/cs\/wp-json\/wp\/v2\/pages\/12695","targetHints":{"allow":["GET"]}}],"collection":[{"href":"https:\/\/www.skolamichael.cz\/cs\/wp-json\/wp\/v2\/pages"}],"about":[{"href":"https:\/\/www.skolamichael.cz\/cs\/wp-json\/wp\/v2\/types\/page"}],"author":[{"embeddable":true,"href":"https:\/\/www.skolamichael.cz\/cs\/wp-json\/wp\/v2\/users\/4"}],"replies":[{"embeddable":true,"href":"https:\/\/www.skolamichael.cz\/cs\/wp-json\/wp\/v2\/comments?post=12695"}],"version-history":[{"count":3,"href":"https:\/\/www.skolamichael.cz\/cs\/wp-json\/wp\/v2\/pages\/12695\/revisions"}],"predecessor-version":[{"id":12794,"href":"https:\/\/www.skolamichael.cz\/cs\/wp-json\/wp\/v2\/pages\/12695\/revisions\/12794"}],"up":[{"embeddable":true,"href":"https:\/\/www.skolamichael.cz\/cs\/wp-json\/wp\/v2\/pages\/2576"}],"wp:attachment":[{"href":"https:\/\/www.skolamichael.cz\/cs\/wp-json\/wp\/v2\/media?parent=12695"}],"curies":[{"name":"wp","href":"https:\/\/api.w.org\/{rel}","templated":true}]}}