{"id":3830,"date":"2020-03-13T10:59:35","date_gmt":"2020-03-13T09:59:35","guid":{"rendered":"https:\/\/www.skolamichael.cz\/?page_id=3830"},"modified":"2020-03-24T16:48:37","modified_gmt":"2020-03-24T15:48:37","slug":"projekt-podpora-ucitelum","status":"publish","type":"page","link":"https:\/\/www.skolamichael.cz\/cs\/projekty\/projekt-podpora-ucitelum\/","title":{"rendered":"Projekt PODPORA U\u010cITEL\u016eM"},"content":{"rendered":"<p>CZ.02.3.68\/0.0\/0.0\/16_032\/0008286 je realizov\u00e1n na na\u0161\u00ed \u0161kole od <strong>1. 7. 2018 do 30. 6. 2021.<\/strong><\/p>\n<p>webov\u00e9 str\u00e1nky projektu: <a href=\"https:\/\/www.podporaucitelum.cz\/puc\/\" target=\"_blank\" rel=\"noopener noreferrer\"><strong>https:\/\/www.podporaucitelum.cz\/puc\/<\/strong><\/a><\/p>\n<p>Projekt Podpora u\u010ditel\u016fm je financov\u00e1n Evropskou uni\u00ed a je zam\u011b\u0159en na tvorbu a ov\u011b\u0159en\u00ed program\u016f pro u\u010ditele ciz\u00edch jazyk\u016f na st\u0159edn\u00edch odborn\u00fdch \u0161kol\u00e1ch a u\u010dili\u0161t\u00edch. V\u00fdstupem projektu budou pro\u0161kolen\u00ed pedagogi\u010dt\u00ed pracovn\u00edci tak, aby byli schopni efektivn\u011b vyu\u017e\u00edvat potenci\u00e1l ka\u017ed\u00e9ho \u017e\u00e1ka k jeho kompeten\u010dn\u00edmu rozvoji. Dal\u0161\u00edm v\u00fdstupem projektu bude soubor interaktivn\u00edch u\u010debn\u00edch materi\u00e1l\u016f &#8211; interaktivn\u00ed u\u010debnice pro efektivn\u00ed v\u00fduku.<br \/>\nC\u00edlem projektu je zefektivnit v\u00fduku ciz\u00edch jazyk\u016f v odborn\u00fdch \u0161kol\u00e1ch tak, aby byli \u017e\u00e1ci p\u0159ipraveni nejen na maturitn\u00ed zkou\u0161ku, p\u0159\u00edpad\u011b u u\u010dili\u0161\u0165 na z\u00e1v\u011bre\u010dnou zkou\u0161ku, ale p\u0159edev\u0161\u00edm pro komunikaci v r\u00e1mci sv\u00e9 dan\u00e9 studovan\u00e9 odbornosti pro vstup na trh pr\u00e1ce. Bude vytvo\u0159eno celkem 54 ucelen\u00fdch program\u016f. Studijn\u00edmi a didaktick\u00fdmi oporami program\u016f budou digit\u00e1ln\u00ed materi\u00e1ly &#8211; interaktivn\u00ed u\u010debnice pro v\u00fduku odborn\u00e9ho ciz\u00edho jazyka pro jednotliv\u00e9 obory vzd\u011bl\u00e1n\u00ed.<\/p>\n<p>Z\u00e1rove\u0148 je c\u00edlem projektu tvorba a ov\u011b\u0159en\u00ed programu pro u\u010ditele ciz\u00edch jazyka na st\u0159edn\u00edch odborn\u00fdch \u0161kol\u00e1ch a u\u010dili\u0161t\u00edch. Vytvo\u0159en\u00e9 programy povedou k osvojen\u00ed efektivn\u00edch metod v\u00fduky a z\u00edsk\u00e1n\u00ed kompetenc\u00ed pro v\u00fduku odborn\u00e9ho ciz\u00edho jazyka. C\u00edlem je tak\u00e9 pro\u0161kolen\u00ed u\u010ditel\u016f ciz\u00edch jazyk\u016f pro v\u00fduku odborn\u00e9ho ciz\u00edho jazyka tak, aby byli schopni vzd\u011bl\u00e1vat ka\u017ed\u00e9ho \u017e\u00e1ka k co nejlep\u0161\u00edmu vyu\u017e\u00edv\u00e1n\u00ed<br \/>\njeho vlastn\u00edho potenci\u00e1lu k rozvoji kompetenc\u00ed pot\u0159ebn\u00fdch pro vstup na trh pr\u00e1ce.<\/p>\n<p><img loading=\"lazy\" decoding=\"async\" class=\"alignnone size-full wp-image-3831\" src=\"https:\/\/www.skolamichael.cz\/wp-content\/uploads\/2020\/03\/plak\u00e1t-A3-Podpora-u\u010ditel\u016fm.jpg\" alt=\"\" width=\"650\" height=\"879\" \/><\/p>\n","protected":false},"excerpt":{"rendered":"<p>CZ.02.3.68\/0.0\/0.0\/16_032\/0008286 je realizov\u00e1n na na\u0161\u00ed \u0161kole od 1. 7. 2018 do 30. 6. 2021. webov\u00e9 str\u00e1nky projektu: https:\/\/www.podporaucitelum.cz\/puc\/ Projekt Podpora u\u010ditel\u016fm je financov\u00e1n Evropskou uni\u00ed a je zam\u011b\u0159en na tvorbu a ov\u011b\u0159en\u00ed program\u016f pro u\u010ditele ciz\u00edch jazyk\u016f na st\u0159edn\u00edch odborn\u00fdch \u0161kol\u00e1ch a u\u010dili\u0161t\u00edch. V\u00fdstupem projektu budou pro\u0161kolen\u00ed pedagogi\u010dt\u00ed pracovn\u00edci tak, aby byli schopni efektivn\u011b vyu\u017e\u00edvat [&hellip;]<\/p>\n","protected":false},"author":3,"featured_media":0,"parent":3828,"menu_order":0,"comment_status":"closed","ping_status":"closed","template":"","meta":{"_acf_changed":false,"footnotes":""},"class_list":["post-3830","page","type-page","status-publish","hentry"],"acf":[],"yoast_head":"<!-- This site is optimized with the Yoast SEO plugin v27.4 - https:\/\/yoast.com\/product\/yoast-seo-wordpress\/ -->\n<title>Projekt PODPORA U\u010cITEL\u016eM | MICHAEL<\/title>\n<meta name=\"robots\" content=\"index, follow, max-snippet:-1, max-image-preview:large, max-video-preview:-1\" \/>\n<link rel=\"canonical\" href=\"https:\/\/www.skolamichael.cz\/cs\/projekty\/projekt-podpora-ucitelum\/\" \/>\n<meta property=\"og:locale\" content=\"cs_CZ\" \/>\n<meta property=\"og:type\" content=\"article\" \/>\n<meta property=\"og:title\" content=\"Projekt PODPORA U\u010cITEL\u016eM | MICHAEL\" \/>\n<meta property=\"og:description\" content=\"CZ.02.3.68\/0.0\/0.0\/16_032\/0008286 je realizov\u00e1n na na\u0161\u00ed \u0161kole od 1. 7. 2018 do 30. 6. 2021. webov\u00e9 str\u00e1nky projektu: https:\/\/www.podporaucitelum.cz\/puc\/ Projekt Podpora u\u010ditel\u016fm je financov\u00e1n Evropskou uni\u00ed a je zam\u011b\u0159en na tvorbu a ov\u011b\u0159en\u00ed program\u016f pro u\u010ditele ciz\u00edch jazyk\u016f na st\u0159edn\u00edch odborn\u00fdch \u0161kol\u00e1ch a u\u010dili\u0161t\u00edch. V\u00fdstupem projektu budou pro\u0161kolen\u00ed pedagogi\u010dt\u00ed pracovn\u00edci tak, aby byli schopni efektivn\u011b vyu\u017e\u00edvat [&hellip;]\" \/>\n<meta property=\"og:url\" content=\"https:\/\/www.skolamichael.cz\/cs\/projekty\/projekt-podpora-ucitelum\/\" \/>\n<meta property=\"og:site_name\" content=\"MICHAEL\" \/>\n<meta property=\"article:publisher\" content=\"http:\/\/www.facebook.com\/skolamichael\" \/>\n<meta property=\"article:modified_time\" content=\"2020-03-24T15:48:37+00:00\" \/>\n<meta name=\"twitter:card\" content=\"summary_large_image\" \/>\n<meta name=\"twitter:label1\" content=\"Odhadovan\u00e1 doba \u010dten\u00ed\" \/>\n\t<meta name=\"twitter:data1\" content=\"2 minuty\" \/>\n<script type=\"application\/ld+json\" class=\"yoast-schema-graph\">{\"@context\":\"https:\\\/\\\/schema.org\",\"@graph\":[{\"@type\":\"WebPage\",\"@id\":\"https:\\\/\\\/www.skolamichael.cz\\\/cs\\\/projekty\\\/projekt-podpora-ucitelum\\\/\",\"url\":\"https:\\\/\\\/www.skolamichael.cz\\\/cs\\\/projekty\\\/projekt-podpora-ucitelum\\\/\",\"name\":\"Projekt PODPORA U\u010cITEL\u016eM | MICHAEL\",\"isPartOf\":{\"@id\":\"https:\\\/\\\/www.skolamichael.cz\\\/cs\\\/#website\"},\"datePublished\":\"2020-03-13T09:59:35+00:00\",\"dateModified\":\"2020-03-24T15:48:37+00:00\",\"breadcrumb\":{\"@id\":\"https:\\\/\\\/www.skolamichael.cz\\\/cs\\\/projekty\\\/projekt-podpora-ucitelum\\\/#breadcrumb\"},\"inLanguage\":\"cs\",\"potentialAction\":[{\"@type\":\"ReadAction\",\"target\":[\"https:\\\/\\\/www.skolamichael.cz\\\/cs\\\/projekty\\\/projekt-podpora-ucitelum\\\/\"]}]},{\"@type\":\"BreadcrumbList\",\"@id\":\"https:\\\/\\\/www.skolamichael.cz\\\/cs\\\/projekty\\\/projekt-podpora-ucitelum\\\/#breadcrumb\",\"itemListElement\":[{\"@type\":\"ListItem\",\"position\":1,\"name\":\"Dom\u016f\",\"item\":\"https:\\\/\\\/www.skolamichael.cz\\\/cs\\\/\"},{\"@type\":\"ListItem\",\"position\":2,\"name\":\"Projekty a st\u00e1\u017ee\",\"item\":\"https:\\\/\\\/www.skolamichael.cz\\\/cs\\\/projekty\\\/\"},{\"@type\":\"ListItem\",\"position\":3,\"name\":\"Projekt PODPORA U\u010cITEL\u016eM\"}]},{\"@type\":\"WebSite\",\"@id\":\"https:\\\/\\\/www.skolamichael.cz\\\/cs\\\/#website\",\"url\":\"https:\\\/\\\/www.skolamichael.cz\\\/cs\\\/\",\"name\":\"MICHAEL\",\"description\":\"St\u0159edn\u00ed \u0161kola, Gymn\u00e1zium a Vy\u0161\u0161\u00ed odborn\u00e1 \u0161kola\",\"publisher\":{\"@id\":\"https:\\\/\\\/www.skolamichael.cz\\\/cs\\\/#organization\"},\"alternateName\":\"St\u0159edn\u00ed \u0161kola, Gymn\u00e1zium a Vy\u0161\u0161\u00ed odborn\u00e1 \u0161kola\",\"potentialAction\":[{\"@type\":\"SearchAction\",\"target\":{\"@type\":\"EntryPoint\",\"urlTemplate\":\"https:\\\/\\\/www.skolamichael.cz\\\/cs\\\/?s={search_term_string}\"},\"query-input\":{\"@type\":\"PropertyValueSpecification\",\"valueRequired\":true,\"valueName\":\"search_term_string\"}}],\"inLanguage\":\"cs\"},{\"@type\":\"Organization\",\"@id\":\"https:\\\/\\\/www.skolamichael.cz\\\/cs\\\/#organization\",\"name\":\"Michael \u2013 St\u0159edn\u00ed \u0161kola, Gymn\u00e1zium a Vy\u0161\u0161\u00ed odborn\u00e1 \u0161kola, s.r.o.\",\"url\":\"https:\\\/\\\/www.skolamichael.cz\\\/cs\\\/\",\"logo\":{\"@type\":\"ImageObject\",\"inLanguage\":\"cs\",\"@id\":\"https:\\\/\\\/www.skolamichael.cz\\\/cs\\\/#\\\/schema\\\/logo\\\/image\\\/\",\"url\":\"https:\\\/\\\/www.skolamichael.cz\\\/wp-content\\\/uploads\\\/2019\\\/03\\\/logo_michael_final_ctverec1-1.jpg\",\"contentUrl\":\"https:\\\/\\\/www.skolamichael.cz\\\/wp-content\\\/uploads\\\/2019\\\/03\\\/logo_michael_final_ctverec1-1.jpg\",\"width\":400,\"height\":400,\"caption\":\"Michael \u2013 St\u0159edn\u00ed \u0161kola, Gymn\u00e1zium a Vy\u0161\u0161\u00ed odborn\u00e1 \u0161kola, s.r.o.\"},\"image\":{\"@id\":\"https:\\\/\\\/www.skolamichael.cz\\\/cs\\\/#\\\/schema\\\/logo\\\/image\\\/\"},\"sameAs\":[\"http:\\\/\\\/www.facebook.com\\\/skolamichael\",\"https:\\\/\\\/www.instagram.com\\\/skola_michael\\\/\"]}]}<\/script>\n<!-- \/ Yoast SEO plugin. -->","yoast_head_json":{"title":"Projekt PODPORA U\u010cITEL\u016eM | MICHAEL","robots":{"index":"index","follow":"follow","max-snippet":"max-snippet:-1","max-image-preview":"max-image-preview:large","max-video-preview":"max-video-preview:-1"},"canonical":"https:\/\/www.skolamichael.cz\/cs\/projekty\/projekt-podpora-ucitelum\/","og_locale":"cs_CZ","og_type":"article","og_title":"Projekt PODPORA U\u010cITEL\u016eM | MICHAEL","og_description":"CZ.02.3.68\/0.0\/0.0\/16_032\/0008286 je realizov\u00e1n na na\u0161\u00ed \u0161kole od 1. 7. 2018 do 30. 6. 2021. webov\u00e9 str\u00e1nky projektu: https:\/\/www.podporaucitelum.cz\/puc\/ Projekt Podpora u\u010ditel\u016fm je financov\u00e1n Evropskou uni\u00ed a je zam\u011b\u0159en na tvorbu a ov\u011b\u0159en\u00ed program\u016f pro u\u010ditele ciz\u00edch jazyk\u016f na st\u0159edn\u00edch odborn\u00fdch \u0161kol\u00e1ch a u\u010dili\u0161t\u00edch. V\u00fdstupem projektu budou pro\u0161kolen\u00ed pedagogi\u010dt\u00ed pracovn\u00edci tak, aby byli schopni efektivn\u011b vyu\u017e\u00edvat [&hellip;]","og_url":"https:\/\/www.skolamichael.cz\/cs\/projekty\/projekt-podpora-ucitelum\/","og_site_name":"MICHAEL","article_publisher":"http:\/\/www.facebook.com\/skolamichael","article_modified_time":"2020-03-24T15:48:37+00:00","twitter_card":"summary_large_image","twitter_misc":{"Odhadovan\u00e1 doba \u010dten\u00ed":"2 minuty"},"schema":{"@context":"https:\/\/schema.org","@graph":[{"@type":"WebPage","@id":"https:\/\/www.skolamichael.cz\/cs\/projekty\/projekt-podpora-ucitelum\/","url":"https:\/\/www.skolamichael.cz\/cs\/projekty\/projekt-podpora-ucitelum\/","name":"Projekt PODPORA U\u010cITEL\u016eM | MICHAEL","isPartOf":{"@id":"https:\/\/www.skolamichael.cz\/cs\/#website"},"datePublished":"2020-03-13T09:59:35+00:00","dateModified":"2020-03-24T15:48:37+00:00","breadcrumb":{"@id":"https:\/\/www.skolamichael.cz\/cs\/projekty\/projekt-podpora-ucitelum\/#breadcrumb"},"inLanguage":"cs","potentialAction":[{"@type":"ReadAction","target":["https:\/\/www.skolamichael.cz\/cs\/projekty\/projekt-podpora-ucitelum\/"]}]},{"@type":"BreadcrumbList","@id":"https:\/\/www.skolamichael.cz\/cs\/projekty\/projekt-podpora-ucitelum\/#breadcrumb","itemListElement":[{"@type":"ListItem","position":1,"name":"Dom\u016f","item":"https:\/\/www.skolamichael.cz\/cs\/"},{"@type":"ListItem","position":2,"name":"Projekty a st\u00e1\u017ee","item":"https:\/\/www.skolamichael.cz\/cs\/projekty\/"},{"@type":"ListItem","position":3,"name":"Projekt PODPORA U\u010cITEL\u016eM"}]},{"@type":"WebSite","@id":"https:\/\/www.skolamichael.cz\/cs\/#website","url":"https:\/\/www.skolamichael.cz\/cs\/","name":"MICHAEL","description":"St\u0159edn\u00ed \u0161kola, Gymn\u00e1zium a Vy\u0161\u0161\u00ed odborn\u00e1 \u0161kola","publisher":{"@id":"https:\/\/www.skolamichael.cz\/cs\/#organization"},"alternateName":"St\u0159edn\u00ed \u0161kola, Gymn\u00e1zium a Vy\u0161\u0161\u00ed odborn\u00e1 \u0161kola","potentialAction":[{"@type":"SearchAction","target":{"@type":"EntryPoint","urlTemplate":"https:\/\/www.skolamichael.cz\/cs\/?s={search_term_string}"},"query-input":{"@type":"PropertyValueSpecification","valueRequired":true,"valueName":"search_term_string"}}],"inLanguage":"cs"},{"@type":"Organization","@id":"https:\/\/www.skolamichael.cz\/cs\/#organization","name":"Michael \u2013 St\u0159edn\u00ed \u0161kola, Gymn\u00e1zium a Vy\u0161\u0161\u00ed odborn\u00e1 \u0161kola, s.r.o.","url":"https:\/\/www.skolamichael.cz\/cs\/","logo":{"@type":"ImageObject","inLanguage":"cs","@id":"https:\/\/www.skolamichael.cz\/cs\/#\/schema\/logo\/image\/","url":"https:\/\/www.skolamichael.cz\/wp-content\/uploads\/2019\/03\/logo_michael_final_ctverec1-1.jpg","contentUrl":"https:\/\/www.skolamichael.cz\/wp-content\/uploads\/2019\/03\/logo_michael_final_ctverec1-1.jpg","width":400,"height":400,"caption":"Michael \u2013 St\u0159edn\u00ed \u0161kola, Gymn\u00e1zium a Vy\u0161\u0161\u00ed odborn\u00e1 \u0161kola, s.r.o."},"image":{"@id":"https:\/\/www.skolamichael.cz\/cs\/#\/schema\/logo\/image\/"},"sameAs":["http:\/\/www.facebook.com\/skolamichael","https:\/\/www.instagram.com\/skola_michael\/"]}]}},"_links":{"self":[{"href":"https:\/\/www.skolamichael.cz\/cs\/wp-json\/wp\/v2\/pages\/3830","targetHints":{"allow":["GET"]}}],"collection":[{"href":"https:\/\/www.skolamichael.cz\/cs\/wp-json\/wp\/v2\/pages"}],"about":[{"href":"https:\/\/www.skolamichael.cz\/cs\/wp-json\/wp\/v2\/types\/page"}],"author":[{"embeddable":true,"href":"https:\/\/www.skolamichael.cz\/cs\/wp-json\/wp\/v2\/users\/3"}],"replies":[{"embeddable":true,"href":"https:\/\/www.skolamichael.cz\/cs\/wp-json\/wp\/v2\/comments?post=3830"}],"version-history":[{"count":2,"href":"https:\/\/www.skolamichael.cz\/cs\/wp-json\/wp\/v2\/pages\/3830\/revisions"}],"predecessor-version":[{"id":3945,"href":"https:\/\/www.skolamichael.cz\/cs\/wp-json\/wp\/v2\/pages\/3830\/revisions\/3945"}],"up":[{"embeddable":true,"href":"https:\/\/www.skolamichael.cz\/cs\/wp-json\/wp\/v2\/pages\/3828"}],"wp:attachment":[{"href":"https:\/\/www.skolamichael.cz\/cs\/wp-json\/wp\/v2\/media?parent=3830"}],"curies":[{"name":"wp","href":"https:\/\/api.w.org\/{rel}","templated":true}]}}