{"id":8007,"date":"2021-09-30T12:19:45","date_gmt":"2021-09-30T10:19:45","guid":{"rendered":"https:\/\/www.skolamichael.cz\/?page_id=8007"},"modified":"2023-10-18T14:43:14","modified_gmt":"2023-10-18T12:43:14","slug":"erasmus-2020-1-cz01-ka120-vet-094278","status":"publish","type":"page","link":"https:\/\/www.skolamichael.cz\/cs\/projekty\/erasmus-2020-1-cz01-ka120-vet-094278\/","title":{"rendered":"Erasmus+ 2020-1- CZ01-KA120-VET-094278"},"content":{"rendered":"<p>Zahrani\u010dn\u00ed st\u00e1\u017ee organizovan\u00e9 v\u00a0r\u00e1mci mobilitn\u00edho programu Erasmus+ pat\u0159\u00ed na na\u0161\u00ed \u0161kole mezi dlouholet\u00e9 tradice. Dlouhodob\u011b usilujeme o rozvoj kritick\u00e9ho my\u0161len\u00ed a schopnosti student\u016f vyhodnocovat, vytv\u00e1\u0159et a komunikovat medi\u00e1ln\u00ed sd\u011blen\u00ed v\u00a0rozmanit\u00fdch form\u00e1tech. Z\u00e1rove\u0148 db\u00e1me na z\u00edsk\u00e1v\u00e1n\u00ed odborn\u00fdch kompetenc\u00ed m kulturn\u00edho d\u011bdictv\u00ed \u010cesk\u00e9 republiky i ostatn\u00edch zem\u00ed, \u010d\u00edm\u017e upev\u0148ujeme smysl pro evropskou soun\u00e1le\u017eitost a mezikulturn\u00ed porozum\u011bn\u00ed bez p\u0159edsudk\u016f. Spolupracujeme s\u00a0presti\u017en\u00edmi zahrani\u010dn\u00edmi agenturami a zam\u011bstnavateli, kte\u0159\u00ed na\u0161im student\u016fm nab\u00edz\u00ed hodnotnou praxi v\u00a0oblasti filmu, produkce a managementu, fotografie a grafick\u00e9ho designu. V\u00a0sou\u010dasn\u00e9 dob\u011b maj\u00ed studenti mo\u017enost vyjet do Irska, \u0160pan\u011blska, It\u00e1lie, Portugalska a na Slovensko, a to s\u00a0ohledem na epidemiologick\u00e1 opat\u0159en\u00ed.<\/p>\n<p>Stali jsme se \u00fasp\u011b\u0161n\u00fdmi dr\u017eiteli <strong>Certifik\u00e1tu o ud\u011blen\u00ed Akreditace Erasmus<\/strong> pro programov\u00e9 obdob\u00ed 2021-2027.<\/p>\n<p><img loading=\"lazy\" decoding=\"async\" class=\"alignnone wp-image-8030\" src=\"https:\/\/www.skolamichael.cz\/wp-content\/uploads\/2021\/09\/akreditace-erasmus.jpg\" alt=\"\" width=\"848\" height=\"596\" srcset=\"https:\/\/www.skolamichael.cz\/wp-content\/uploads\/2021\/09\/akreditace-erasmus.jpg 1122w, https:\/\/www.skolamichael.cz\/wp-content\/uploads\/2021\/09\/akreditace-erasmus-300x211.jpg 300w, https:\/\/www.skolamichael.cz\/wp-content\/uploads\/2021\/09\/akreditace-erasmus-1024x720.jpg 1024w, https:\/\/www.skolamichael.cz\/wp-content\/uploads\/2021\/09\/akreditace-erasmus-768x540.jpg 768w\" sizes=\"auto, (max-width: 848px) 100vw, 848px\" \/><\/p>\n<p><img loading=\"lazy\" decoding=\"async\" class=\"alignnone wp-image-8032\" src=\"https:\/\/www.skolamichael.cz\/wp-content\/uploads\/2021\/09\/thumbnail_logo-EU.jpg\" alt=\"\" width=\"446\" height=\"93\" srcset=\"https:\/\/www.skolamichael.cz\/wp-content\/uploads\/2021\/09\/thumbnail_logo-EU.jpg 1002w, https:\/\/www.skolamichael.cz\/wp-content\/uploads\/2021\/09\/thumbnail_logo-EU-300x63.jpg 300w\" sizes=\"auto, (max-width: 446px) 100vw, 446px\" \/><\/p>\n","protected":false},"excerpt":{"rendered":"<p>Zahrani\u010dn\u00ed st\u00e1\u017ee organizovan\u00e9 v\u00a0r\u00e1mci mobilitn\u00edho programu Erasmus+ pat\u0159\u00ed na na\u0161\u00ed \u0161kole mezi dlouholet\u00e9 tradice. Dlouhodob\u011b usilujeme o rozvoj kritick\u00e9ho my\u0161len\u00ed a schopnosti student\u016f vyhodnocovat, vytv\u00e1\u0159et a komunikovat medi\u00e1ln\u00ed sd\u011blen\u00ed v\u00a0rozmanit\u00fdch form\u00e1tech. Z\u00e1rove\u0148 db\u00e1me na z\u00edsk\u00e1v\u00e1n\u00ed odborn\u00fdch kompetenc\u00ed m kulturn\u00edho d\u011bdictv\u00ed \u010cesk\u00e9 republiky i ostatn\u00edch zem\u00ed, \u010d\u00edm\u017e upev\u0148ujeme smysl pro evropskou soun\u00e1le\u017eitost a mezikulturn\u00ed porozum\u011bn\u00ed bez [&hellip;]<\/p>\n","protected":false},"author":4,"featured_media":0,"parent":3828,"menu_order":0,"comment_status":"closed","ping_status":"closed","template":"","meta":{"_acf_changed":false,"footnotes":""},"class_list":["post-8007","page","type-page","status-publish","hentry"],"acf":[],"yoast_head":"<!-- This site is optimized with the Yoast SEO plugin v27.4 - https:\/\/yoast.com\/product\/yoast-seo-wordpress\/ -->\n<title>Erasmus+ 2020-1- CZ01-KA120-VET-094278 | MICHAEL<\/title>\n<meta name=\"robots\" content=\"index, follow, max-snippet:-1, max-image-preview:large, max-video-preview:-1\" \/>\n<link rel=\"canonical\" href=\"https:\/\/www.skolamichael.cz\/cs\/projekty\/erasmus-2020-1-cz01-ka120-vet-094278\/\" \/>\n<meta property=\"og:locale\" content=\"cs_CZ\" \/>\n<meta property=\"og:type\" content=\"article\" \/>\n<meta property=\"og:title\" content=\"Erasmus+ 2020-1- CZ01-KA120-VET-094278 | MICHAEL\" \/>\n<meta property=\"og:description\" content=\"Zahrani\u010dn\u00ed st\u00e1\u017ee organizovan\u00e9 v\u00a0r\u00e1mci mobilitn\u00edho programu Erasmus+ pat\u0159\u00ed na na\u0161\u00ed \u0161kole mezi dlouholet\u00e9 tradice. Dlouhodob\u011b usilujeme o rozvoj kritick\u00e9ho my\u0161len\u00ed a schopnosti student\u016f vyhodnocovat, vytv\u00e1\u0159et a komunikovat medi\u00e1ln\u00ed sd\u011blen\u00ed v\u00a0rozmanit\u00fdch form\u00e1tech. Z\u00e1rove\u0148 db\u00e1me na z\u00edsk\u00e1v\u00e1n\u00ed odborn\u00fdch kompetenc\u00ed m kulturn\u00edho d\u011bdictv\u00ed \u010cesk\u00e9 republiky i ostatn\u00edch zem\u00ed, \u010d\u00edm\u017e upev\u0148ujeme smysl pro evropskou soun\u00e1le\u017eitost a mezikulturn\u00ed porozum\u011bn\u00ed bez [&hellip;]\" \/>\n<meta property=\"og:url\" content=\"https:\/\/www.skolamichael.cz\/cs\/projekty\/erasmus-2020-1-cz01-ka120-vet-094278\/\" \/>\n<meta property=\"og:site_name\" content=\"MICHAEL\" \/>\n<meta property=\"article:publisher\" content=\"http:\/\/www.facebook.com\/skolamichael\" \/>\n<meta property=\"article:modified_time\" content=\"2023-10-18T12:43:14+00:00\" \/>\n<meta property=\"og:image\" content=\"https:\/\/www.skolamichael.cz\/wp-content\/uploads\/2021\/09\/akreditace-erasmus.jpg\" \/>\n\t<meta property=\"og:image:width\" content=\"1122\" \/>\n\t<meta property=\"og:image:height\" content=\"789\" \/>\n\t<meta property=\"og:image:type\" content=\"image\/jpeg\" \/>\n<meta name=\"twitter:card\" content=\"summary_large_image\" \/>\n<meta name=\"twitter:label1\" content=\"Odhadovan\u00e1 doba \u010dten\u00ed\" \/>\n\t<meta name=\"twitter:data1\" content=\"1 minuta\" \/>\n<script type=\"application\/ld+json\" class=\"yoast-schema-graph\">{\"@context\":\"https:\\\/\\\/schema.org\",\"@graph\":[{\"@type\":\"WebPage\",\"@id\":\"https:\\\/\\\/www.skolamichael.cz\\\/cs\\\/projekty\\\/erasmus-2020-1-cz01-ka120-vet-094278\\\/\",\"url\":\"https:\\\/\\\/www.skolamichael.cz\\\/cs\\\/projekty\\\/erasmus-2020-1-cz01-ka120-vet-094278\\\/\",\"name\":\"Erasmus+ 2020-1- CZ01-KA120-VET-094278 | MICHAEL\",\"isPartOf\":{\"@id\":\"https:\\\/\\\/www.skolamichael.cz\\\/cs\\\/#website\"},\"primaryImageOfPage\":{\"@id\":\"https:\\\/\\\/www.skolamichael.cz\\\/cs\\\/projekty\\\/erasmus-2020-1-cz01-ka120-vet-094278\\\/#primaryimage\"},\"image\":{\"@id\":\"https:\\\/\\\/www.skolamichael.cz\\\/cs\\\/projekty\\\/erasmus-2020-1-cz01-ka120-vet-094278\\\/#primaryimage\"},\"thumbnailUrl\":\"https:\\\/\\\/www.skolamichael.cz\\\/wp-content\\\/uploads\\\/2021\\\/09\\\/akreditace-erasmus.jpg\",\"datePublished\":\"2021-09-30T10:19:45+00:00\",\"dateModified\":\"2023-10-18T12:43:14+00:00\",\"breadcrumb\":{\"@id\":\"https:\\\/\\\/www.skolamichael.cz\\\/cs\\\/projekty\\\/erasmus-2020-1-cz01-ka120-vet-094278\\\/#breadcrumb\"},\"inLanguage\":\"cs\",\"potentialAction\":[{\"@type\":\"ReadAction\",\"target\":[\"https:\\\/\\\/www.skolamichael.cz\\\/cs\\\/projekty\\\/erasmus-2020-1-cz01-ka120-vet-094278\\\/\"]}]},{\"@type\":\"ImageObject\",\"inLanguage\":\"cs\",\"@id\":\"https:\\\/\\\/www.skolamichael.cz\\\/cs\\\/projekty\\\/erasmus-2020-1-cz01-ka120-vet-094278\\\/#primaryimage\",\"url\":\"https:\\\/\\\/www.skolamichael.cz\\\/wp-content\\\/uploads\\\/2021\\\/09\\\/akreditace-erasmus.jpg\",\"contentUrl\":\"https:\\\/\\\/www.skolamichael.cz\\\/wp-content\\\/uploads\\\/2021\\\/09\\\/akreditace-erasmus.jpg\"},{\"@type\":\"BreadcrumbList\",\"@id\":\"https:\\\/\\\/www.skolamichael.cz\\\/cs\\\/projekty\\\/erasmus-2020-1-cz01-ka120-vet-094278\\\/#breadcrumb\",\"itemListElement\":[{\"@type\":\"ListItem\",\"position\":1,\"name\":\"Dom\u016f\",\"item\":\"https:\\\/\\\/www.skolamichael.cz\\\/cs\\\/\"},{\"@type\":\"ListItem\",\"position\":2,\"name\":\"Projekty a st\u00e1\u017ee\",\"item\":\"https:\\\/\\\/www.skolamichael.cz\\\/cs\\\/projekty\\\/\"},{\"@type\":\"ListItem\",\"position\":3,\"name\":\"Erasmus+ 2020-1- CZ01-KA120-VET-094278\"}]},{\"@type\":\"WebSite\",\"@id\":\"https:\\\/\\\/www.skolamichael.cz\\\/cs\\\/#website\",\"url\":\"https:\\\/\\\/www.skolamichael.cz\\\/cs\\\/\",\"name\":\"MICHAEL\",\"description\":\"St\u0159edn\u00ed \u0161kola, Gymn\u00e1zium a Vy\u0161\u0161\u00ed odborn\u00e1 \u0161kola\",\"publisher\":{\"@id\":\"https:\\\/\\\/www.skolamichael.cz\\\/cs\\\/#organization\"},\"alternateName\":\"St\u0159edn\u00ed \u0161kola, Gymn\u00e1zium a Vy\u0161\u0161\u00ed odborn\u00e1 \u0161kola\",\"potentialAction\":[{\"@type\":\"SearchAction\",\"target\":{\"@type\":\"EntryPoint\",\"urlTemplate\":\"https:\\\/\\\/www.skolamichael.cz\\\/cs\\\/?s={search_term_string}\"},\"query-input\":{\"@type\":\"PropertyValueSpecification\",\"valueRequired\":true,\"valueName\":\"search_term_string\"}}],\"inLanguage\":\"cs\"},{\"@type\":\"Organization\",\"@id\":\"https:\\\/\\\/www.skolamichael.cz\\\/cs\\\/#organization\",\"name\":\"Michael \u2013 St\u0159edn\u00ed \u0161kola, Gymn\u00e1zium a Vy\u0161\u0161\u00ed odborn\u00e1 \u0161kola, s.r.o.\",\"url\":\"https:\\\/\\\/www.skolamichael.cz\\\/cs\\\/\",\"logo\":{\"@type\":\"ImageObject\",\"inLanguage\":\"cs\",\"@id\":\"https:\\\/\\\/www.skolamichael.cz\\\/cs\\\/#\\\/schema\\\/logo\\\/image\\\/\",\"url\":\"https:\\\/\\\/www.skolamichael.cz\\\/wp-content\\\/uploads\\\/2019\\\/03\\\/logo_michael_final_ctverec1-1.jpg\",\"contentUrl\":\"https:\\\/\\\/www.skolamichael.cz\\\/wp-content\\\/uploads\\\/2019\\\/03\\\/logo_michael_final_ctverec1-1.jpg\",\"width\":400,\"height\":400,\"caption\":\"Michael \u2013 St\u0159edn\u00ed \u0161kola, Gymn\u00e1zium a Vy\u0161\u0161\u00ed odborn\u00e1 \u0161kola, s.r.o.\"},\"image\":{\"@id\":\"https:\\\/\\\/www.skolamichael.cz\\\/cs\\\/#\\\/schema\\\/logo\\\/image\\\/\"},\"sameAs\":[\"http:\\\/\\\/www.facebook.com\\\/skolamichael\",\"https:\\\/\\\/www.instagram.com\\\/skola_michael\\\/\"]}]}<\/script>\n<!-- \/ Yoast SEO plugin. -->","yoast_head_json":{"title":"Erasmus+ 2020-1- CZ01-KA120-VET-094278 | MICHAEL","robots":{"index":"index","follow":"follow","max-snippet":"max-snippet:-1","max-image-preview":"max-image-preview:large","max-video-preview":"max-video-preview:-1"},"canonical":"https:\/\/www.skolamichael.cz\/cs\/projekty\/erasmus-2020-1-cz01-ka120-vet-094278\/","og_locale":"cs_CZ","og_type":"article","og_title":"Erasmus+ 2020-1- CZ01-KA120-VET-094278 | MICHAEL","og_description":"Zahrani\u010dn\u00ed st\u00e1\u017ee organizovan\u00e9 v\u00a0r\u00e1mci mobilitn\u00edho programu Erasmus+ pat\u0159\u00ed na na\u0161\u00ed \u0161kole mezi dlouholet\u00e9 tradice. Dlouhodob\u011b usilujeme o rozvoj kritick\u00e9ho my\u0161len\u00ed a schopnosti student\u016f vyhodnocovat, vytv\u00e1\u0159et a komunikovat medi\u00e1ln\u00ed sd\u011blen\u00ed v\u00a0rozmanit\u00fdch form\u00e1tech. Z\u00e1rove\u0148 db\u00e1me na z\u00edsk\u00e1v\u00e1n\u00ed odborn\u00fdch kompetenc\u00ed m kulturn\u00edho d\u011bdictv\u00ed \u010cesk\u00e9 republiky i ostatn\u00edch zem\u00ed, \u010d\u00edm\u017e upev\u0148ujeme smysl pro evropskou soun\u00e1le\u017eitost a mezikulturn\u00ed porozum\u011bn\u00ed bez [&hellip;]","og_url":"https:\/\/www.skolamichael.cz\/cs\/projekty\/erasmus-2020-1-cz01-ka120-vet-094278\/","og_site_name":"MICHAEL","article_publisher":"http:\/\/www.facebook.com\/skolamichael","article_modified_time":"2023-10-18T12:43:14+00:00","og_image":[{"width":1122,"height":789,"url":"https:\/\/www.skolamichael.cz\/wp-content\/uploads\/2021\/09\/akreditace-erasmus.jpg","type":"image\/jpeg"}],"twitter_card":"summary_large_image","twitter_misc":{"Odhadovan\u00e1 doba \u010dten\u00ed":"1 minuta"},"schema":{"@context":"https:\/\/schema.org","@graph":[{"@type":"WebPage","@id":"https:\/\/www.skolamichael.cz\/cs\/projekty\/erasmus-2020-1-cz01-ka120-vet-094278\/","url":"https:\/\/www.skolamichael.cz\/cs\/projekty\/erasmus-2020-1-cz01-ka120-vet-094278\/","name":"Erasmus+ 2020-1- CZ01-KA120-VET-094278 | MICHAEL","isPartOf":{"@id":"https:\/\/www.skolamichael.cz\/cs\/#website"},"primaryImageOfPage":{"@id":"https:\/\/www.skolamichael.cz\/cs\/projekty\/erasmus-2020-1-cz01-ka120-vet-094278\/#primaryimage"},"image":{"@id":"https:\/\/www.skolamichael.cz\/cs\/projekty\/erasmus-2020-1-cz01-ka120-vet-094278\/#primaryimage"},"thumbnailUrl":"https:\/\/www.skolamichael.cz\/wp-content\/uploads\/2021\/09\/akreditace-erasmus.jpg","datePublished":"2021-09-30T10:19:45+00:00","dateModified":"2023-10-18T12:43:14+00:00","breadcrumb":{"@id":"https:\/\/www.skolamichael.cz\/cs\/projekty\/erasmus-2020-1-cz01-ka120-vet-094278\/#breadcrumb"},"inLanguage":"cs","potentialAction":[{"@type":"ReadAction","target":["https:\/\/www.skolamichael.cz\/cs\/projekty\/erasmus-2020-1-cz01-ka120-vet-094278\/"]}]},{"@type":"ImageObject","inLanguage":"cs","@id":"https:\/\/www.skolamichael.cz\/cs\/projekty\/erasmus-2020-1-cz01-ka120-vet-094278\/#primaryimage","url":"https:\/\/www.skolamichael.cz\/wp-content\/uploads\/2021\/09\/akreditace-erasmus.jpg","contentUrl":"https:\/\/www.skolamichael.cz\/wp-content\/uploads\/2021\/09\/akreditace-erasmus.jpg"},{"@type":"BreadcrumbList","@id":"https:\/\/www.skolamichael.cz\/cs\/projekty\/erasmus-2020-1-cz01-ka120-vet-094278\/#breadcrumb","itemListElement":[{"@type":"ListItem","position":1,"name":"Dom\u016f","item":"https:\/\/www.skolamichael.cz\/cs\/"},{"@type":"ListItem","position":2,"name":"Projekty a st\u00e1\u017ee","item":"https:\/\/www.skolamichael.cz\/cs\/projekty\/"},{"@type":"ListItem","position":3,"name":"Erasmus+ 2020-1- CZ01-KA120-VET-094278"}]},{"@type":"WebSite","@id":"https:\/\/www.skolamichael.cz\/cs\/#website","url":"https:\/\/www.skolamichael.cz\/cs\/","name":"MICHAEL","description":"St\u0159edn\u00ed \u0161kola, Gymn\u00e1zium a Vy\u0161\u0161\u00ed odborn\u00e1 \u0161kola","publisher":{"@id":"https:\/\/www.skolamichael.cz\/cs\/#organization"},"alternateName":"St\u0159edn\u00ed \u0161kola, Gymn\u00e1zium a Vy\u0161\u0161\u00ed odborn\u00e1 \u0161kola","potentialAction":[{"@type":"SearchAction","target":{"@type":"EntryPoint","urlTemplate":"https:\/\/www.skolamichael.cz\/cs\/?s={search_term_string}"},"query-input":{"@type":"PropertyValueSpecification","valueRequired":true,"valueName":"search_term_string"}}],"inLanguage":"cs"},{"@type":"Organization","@id":"https:\/\/www.skolamichael.cz\/cs\/#organization","name":"Michael \u2013 St\u0159edn\u00ed \u0161kola, Gymn\u00e1zium a Vy\u0161\u0161\u00ed odborn\u00e1 \u0161kola, s.r.o.","url":"https:\/\/www.skolamichael.cz\/cs\/","logo":{"@type":"ImageObject","inLanguage":"cs","@id":"https:\/\/www.skolamichael.cz\/cs\/#\/schema\/logo\/image\/","url":"https:\/\/www.skolamichael.cz\/wp-content\/uploads\/2019\/03\/logo_michael_final_ctverec1-1.jpg","contentUrl":"https:\/\/www.skolamichael.cz\/wp-content\/uploads\/2019\/03\/logo_michael_final_ctverec1-1.jpg","width":400,"height":400,"caption":"Michael \u2013 St\u0159edn\u00ed \u0161kola, Gymn\u00e1zium a Vy\u0161\u0161\u00ed odborn\u00e1 \u0161kola, s.r.o."},"image":{"@id":"https:\/\/www.skolamichael.cz\/cs\/#\/schema\/logo\/image\/"},"sameAs":["http:\/\/www.facebook.com\/skolamichael","https:\/\/www.instagram.com\/skola_michael\/"]}]}},"_links":{"self":[{"href":"https:\/\/www.skolamichael.cz\/cs\/wp-json\/wp\/v2\/pages\/8007","targetHints":{"allow":["GET"]}}],"collection":[{"href":"https:\/\/www.skolamichael.cz\/cs\/wp-json\/wp\/v2\/pages"}],"about":[{"href":"https:\/\/www.skolamichael.cz\/cs\/wp-json\/wp\/v2\/types\/page"}],"author":[{"embeddable":true,"href":"https:\/\/www.skolamichael.cz\/cs\/wp-json\/wp\/v2\/users\/4"}],"replies":[{"embeddable":true,"href":"https:\/\/www.skolamichael.cz\/cs\/wp-json\/wp\/v2\/comments?post=8007"}],"version-history":[{"count":3,"href":"https:\/\/www.skolamichael.cz\/cs\/wp-json\/wp\/v2\/pages\/8007\/revisions"}],"predecessor-version":[{"id":12347,"href":"https:\/\/www.skolamichael.cz\/cs\/wp-json\/wp\/v2\/pages\/8007\/revisions\/12347"}],"up":[{"embeddable":true,"href":"https:\/\/www.skolamichael.cz\/cs\/wp-json\/wp\/v2\/pages\/3828"}],"wp:attachment":[{"href":"https:\/\/www.skolamichael.cz\/cs\/wp-json\/wp\/v2\/media?parent=8007"}],"curies":[{"name":"wp","href":"https:\/\/api.w.org\/{rel}","templated":true}]}}