{"version":"1.0","provider_name":"MICHAEL","provider_url":"https:\/\/www.skolamichael.cz\/en\/","author_name":"Isabel Magdic","author_url":"https:\/\/www.skolamichael.cz\/en\/author\/imagdic\/","title":"Na\u0161i absolventi na Zl\u00edn Film Festivalu | MICHAEL","type":"rich","width":600,"height":338,"html":"<blockquote class=\"wp-embedded-content\" data-secret=\"A4G6RxUN09\"><a href=\"https:\/\/www.skolamichael.cz\/en\/aktualne\/akce\/nasi-absolventi-na-zlin-film-festivalu\/\">Na\u0161i absolventi na Zl\u00edn Film Festivalu<\/a><\/blockquote><iframe sandbox=\"allow-scripts\" security=\"restricted\" src=\"https:\/\/www.skolamichael.cz\/en\/aktualne\/akce\/nasi-absolventi-na-zlin-film-festivalu\/embed\/#?secret=A4G6RxUN09\" width=\"600\" height=\"338\" title=\"&#8220;Na\u0161i absolventi na Zl\u00edn Film Festivalu&#8221; &#8212; MICHAEL\" data-secret=\"A4G6RxUN09\" frameborder=\"0\" marginwidth=\"0\" marginheight=\"0\" scrolling=\"no\" class=\"wp-embedded-content\"><\/iframe><script>\n\/*! This file is auto-generated *\/\n!function(d,l){\"use strict\";l.querySelector&&d.addEventListener&&\"undefined\"!=typeof URL&&(d.wp=d.wp||{},d.wp.receiveEmbedMessage||(d.wp.receiveEmbedMessage=function(e){var t=e.data;if((t||t.secret||t.message||t.value)&&!\/[^a-zA-Z0-9]\/.test(t.secret)){for(var s,r,n,a=l.querySelectorAll('iframe[data-secret=\"'+t.secret+'\"]'),o=l.querySelectorAll('blockquote[data-secret=\"'+t.secret+'\"]'),c=new RegExp(\"^https?:$\",\"i\"),i=0;i<o.length;i++)o[i].style.display=\"none\";for(i=0;i<a.length;i++)s=a[i],e.source===s.contentWindow&&(s.removeAttribute(\"style\"),\"height\"===t.message?(1e3<(r=parseInt(t.value,10))?r=1e3:~~r<200&&(r=200),s.height=r):\"link\"===t.message&&(r=new URL(s.getAttribute(\"src\")),n=new URL(t.value),c.test(n.protocol))&&n.host===r.host&&l.activeElement===s&&(d.top.location.href=t.value))}},d.addEventListener(\"message\",d.wp.receiveEmbedMessage,!1),l.addEventListener(\"DOMContentLoaded\",function(){for(var e,t,s=l.querySelectorAll(\"iframe.wp-embedded-content\"),r=0;r<s.length;r++)(t=(e=s[r]).getAttribute(\"data-secret\"))||(t=Math.random().toString(36).substring(2,12),e.src+=\"#?secret=\"+t,e.setAttribute(\"data-secret\",t)),e.contentWindow.postMessage({message:\"ready\",secret:t},\"*\")},!1)))}(window,document);\n\/\/# sourceURL=https:\/\/www.skolamichael.cz\/wp-includes\/js\/wp-embed.min.js\n<\/script>\n","thumbnail_url":"https:\/\/www.skolamichael.cz\/wp-content\/uploads\/2025\/05\/IMG_7647_VSCO.jpg","thumbnail_width":630,"thumbnail_height":630,"description":"65. ro\u010dn\u00edk ZL\u00cdN FILM FESTIVAL uvede dva absolventsk\u00e9 filmy na\u0161ich absolvent\u016f, kter\u00ed u n\u00e1s studovali na oboru Filmov\u00e1 tvorba na Akademii Michael &#8211; Vy\u0161\u0161\u00ed odborn\u00e9 \u0161koly. Prvn\u00edm re\u017eis\u00e9rem je Nikolas Sand, kter\u00fd p\u0159edstav\u00ed film L\u00e9to09, jeho\u017e sv\u011btov\u00e1 premi\u00e9ra byla uvedena loni na Cinekid Festivalu. Za druh\u00fdm filmem stoj\u00ed re\u017eis\u00e9r Filip \u0160pinka, kter\u00fd uvede film Br\u00e1cha!. [&hellip;]"}